{"id":1268,"date":"2019-05-01T16:50:09","date_gmt":"2019-05-01T14:50:09","guid":{"rendered":"https:\/\/skrivovin.se\/?page_id=1268"},"modified":"2020-01-08T10:16:51","modified_gmt":"2020-01-08T09:16:51","slug":"dagsverser-och-liknande","status":"publish","type":"page","link":"https:\/\/skrivovin.se\/index.php\/dagsverser-och-liknande\/","title":{"rendered":"Dagsverser 2019"},"content":{"rendered":"\n<p><\/p>\n\n\n\n<p><strong>2019 &#8211; Som jag sett det<\/strong><br>\u00c5ret efter valet, vad var det som h\u00e4nde<br>Det goda i landet n\u00e5dde pl\u00f6tsligt en \u00e4nde<br>Ideologier f\u00f6rsvann<br>och ingen vann<br>Nu v\u00e4ntar st\u00f6veltramp och fram\u00e5t marsch<br>Frisyr med bena och kort svart mustasch.<\/p>\n\n\n\n<p>Framf\u00f6r varje butik, en hand och en mugg<br>Inget vi ser, \u201dbara handla helgens tilltugg\u201d<br>Och l\u00e4gger n\u00e5gon en slant, en annan tar ton<br>\u201dDe \u00e4r kriminella, de saknar hyfs och fason\u201d<br>Tolv i en husvagn, klart de planerar n\u00e5got stort<br>Medan handlarn i butiken, \u00f6verbliven mat sl\u00e4nger bort<\/p>\n\n\n\n<p>V\u00e5ra stora banker jobbar i stim<br>sliter med inspektionens fr\u00e5gor, som om de kom fr\u00e5n \u201dkrim\u201d<br>att svarta pengar ej f\u00e5r tv\u00e4ttas vita<br>\u201dg\u00f6rs ej hos oss\u201d, de borde p\u00e5 ledningens uppsyn lita<br>Men transaktioner som f\u00f6rvandlar svart till vitt<br>kan medf\u00f6ra oanad fallh\u00f6jd och att fallet blir fritt<\/p>\n\n\n\n<p>M\u00e4nskliga r\u00e4ttigheter \u00e4r p\u00e5 modet<br>De flesta styrande har absolut h\u00f6rt ordet<br>Att de som tvingats fly, ska hanteras humant<br>och absolut inte hanteras p\u00e5 n\u00e5got s\u00e4tt profant<br>och inom idrotten \u00e4r fina t\u00e4vlingar d\u00e4r det blir svenska guld<br>D\u00e5 pratar vi ej dopning, vi har ju ingen skuld.<\/p>\n\n\n\n<p>F\u00f6r Greta, mitt hj\u00e4rta bl\u00f6der<br>T\u00e4nk om hon finge byta plats med riksdagens S\u00f6der<br>F\u00f6r hennes mod och visdom hon ofta prisas<br>Men skulle om S\u00f6der best\u00e4mt, avvisas.<br>Med detta jag \u00f6nskar dig ett Gott Nytt \u00c5r<br>och l\u00e5t 2020 bli den nya humanismens \u00e5r<\/p>\n\n\n\n<p><strong>2019-10 Ardogan, priser och tiggerif\u00f6rbud <\/strong><br>Verkligheten tar ingen vila<br>Utan Ardogan f\u00e4ller sin bila<br>Trumph vill inte vara med och styra<br>Kurderna hj\u00e4lpte ej honom \u00e5r 1944<br><br>P\u00e5 hemmaplan vi delar ut hederspriser<br>Till forskare som vill f\u00f6rhindra kriser<br>Och f\u00f6r det lokala laget, \u00e4r mammon nu fansens gud<br>och borde tacka kommunen, att de avf\u00e4rdat ett tiggerif\u00f6rbud <br><br><br><strong>2019-10 Forskning och livets h\u00e5rda skola<\/strong><br>Tong\u00e5ngarna verkar alltmer h\u00e5rdna<br>F\u00f6r vem har r\u00e4tt att f\u00f6r sin framtid sj\u00e4lv ordna<\/p>\n\n\n\n<p>Varifr\u00e5n kommer alla missf\u00f6rst\u00e5dda genier<br>Som fastnat i n\u00e5gon slags ofelbarhetsfobier <br>Ren mobbning jag l\u00e4ser om ungdomar pratar klimat<br>Hur kan de veta, de som serverats allt p\u00e5 fat<br><br> Nej kunskap f\u00f6rv\u00e4rvas ej fr\u00e5n forskningens exakta metoder<br> Utan h\u00e4r g\u00e4ller erfarenhetens egna analysmetoder<br><br> Kunskap f\u00f6rv\u00e4rvas b\u00e4st f\u00f6r dessa gubbar coola<br> De har ju alla g\u00e5tt \u201dlivets h\u00e5rda skola\u201d  <\/p>\n\n\n\n<p><br><br><strong>2019-09<\/strong> <strong>R\u00e4tteg\u00e5ng, Greta och h\u00f6st<\/strong><br>R\u00e4tteg\u00e5ng, minnesf\u00f6rlust och diseltankar<br>F\u00f6r egen del f\u00e5r jag fr\u00e5n fj\u00e4llet helt andra tankar<br>Beundrar Greta som maktens m\u00e4n jagar<br>Och ler \u00e5t gubbarna som henne p\u00e5 n\u00e4tet anklagar<br>Jag njuter av att det \u00e4ntligen \u00e4r h\u00f6st<br>Nynnar om helgdagskv\u00e4ll i timmerkojan med sprucken r\u00f6st<\/p>\n\n\n\n<p><br><strong>2019-08 Greta, kantareller och milit\u00e4rer<\/strong><br>L\u00e4rdomar intill denna veckas slut<br>Allt \u00e4r inte kantareller, som i skogen lyser gult<br>Gretas segling fick ett lyckligt slut<br>Trots att gubbar i min \u00e5lder vill l\u00e4ra henne veta hut<br>Men sv\u00e5rast verkar det vara i fotbollsaff\u00e4rer <br>Min undrar \u00e4r om aff\u00e4rer ska sk\u00f6tas av milit\u00e4rer <\/p>\n\n\n\n<p><strong>2019-08 Om stora och sm\u00e5 nyheter <\/strong><br>En blick i fl\u00f6det \u00e4r&nbsp;<br>Kanske en blick om vad som viktigt i v\u00e4rlden \u00e4r<br>Att Trump Gr\u00f6nland missa<br>Och Greta i en hink f\u00e5r kissa&nbsp;<br>Men att Amazonas brinner \u00e4r inget besv\u00e4r <\/p>\n\n\n\n<p><strong>2019-08 &#8211; Sommartankar<\/strong><br>Efter n\u00e5gra veckor p\u00e5 fj\u00e4llet<br>Blir det n\u00e5gra dagar i stan, ist\u00e4llet<br>Ser att vattnet sinar p\u00e5 fj\u00e4llet<br>Vandrare f\u00e5r dricka coca-cola i st\u00e4llet<\/p>\n\n\n\n<p>P\u00e5 den lokala fronten \u00e4r fr\u00e5gorna flera<br>i vilken klubb kommer Aiesh att husera<br>Men st\u00f6rsta problemet, helt i egen klass<br>\u00c4r att radion vill utse l\u00e4nets b\u00e4sta utedass<\/p>\n\n\n\n<p><strong>2019-05  Val och val<\/strong><br>T\u00e4nk alla dessa val<br>Som ger m\u00e5nga s\u00e5dana kval<br>Ska det vara r\u00f6tt eller vitt<br>med ursprung fr\u00e5n gr\u00f6nt eller bl\u00e5tt<br>Jag s\u00e5dana tankem\u00f6dor f\u00e5tt<br><br>Och sitt \u00f6de n\u00e5dde stackars May<br>Denna fredag n\u00e4r hon skickade sitt sista mayday<br>Men valet att vara eller inte vara<br>F\u00e5r n\u00e5gon annan l\u00f6sa, bland gubbar stridsklara<\/p>\n\n\n\n<p>I fl\u00f6det jag ofta urskiljer m\u00e5nga m\u00e4ns \u00e5sikt<br>Om politiker vars \u00e5sikt \u00e4r l\u00f6gn och f\u00f6rbannad dikt<br>Men n\u00e4r Greta p\u00e5 politiker har krav som \u00e4r heta<br>F\u00f6rvandlas deras \u00e5sikter, d\u00e5 sk\u00e4ller man p\u00e5 Greta <\/p>\n\n\n\n<p>Ja \u2013 allt \u00e4r sig likt i v\u00e5r j\u00e4mmerdal<br>Det blir nog det vita, lagom vinkylsval<\/p>\n\n\n\n<p> <strong>2019-05<\/strong> <strong>&#8211; Pannben<\/strong><br>Hade t\u00e4nkt bespara er dagens fredagstankar <br>Men s\u00e5 kom funderingen som i mitt huvud bankar<br>Den bankar och knackar likt en hunds gnagande p\u00e5 ett j\u00e4tteben<br>Svaret jag s\u00f6ker \u00e4r vem kan ers\u00e4tta Idas pannben<\/p>\n\n\n\n<p><strong>2019-04<\/strong> <strong>&#8211; Etik <\/strong><br> En blick i fl\u00f6det ger vid handen<br>Att gammaldags etik runnit ut i sanden<br>Inte ens gamle Wallenbergs devis \u201dom vad som \u00e4r sant ska vi f\u00f6rhandla\u201d <br>Nu g\u00e4ller att via n\u00e4tet, med ord och h\u00e5n varandra misshandla <br>Sj\u00e4lv har jag nyss lyssnat till v\u00e5rlig f\u00e5gels\u00e5ng<br>Och p\u00e5 altanen inlett p\u00e5sken med en stunds qigong<br><br><strong>2019-04 &#8211; Brexit och journalistik<\/strong><br>En vecka med sol och skare<br>Sp\u00e5r efter b\u00e5de lo, r\u00e4v och hare<br>Har korrigerat egna grodor i skrivarmanus<br>och sett ett svart h\u00e5l l\u00e5ngt bortom Uranus<br>Sp\u00e4nnande med h\u00e5l p\u00e5 l\u00e5ng distans<br>Likt ett Brexitavtal som finns ingenstans<br>Men denna vecka vill jag lokaljournalistiken hylla<br>Som nyktert har granskat en kommunal bakfylla.<\/p>\n\n\n\n<p><strong>2019-04<\/strong> <strong>&#8211; Idoler och att ledas<\/strong><br>I det stora och lilla <br>Verkar det vara viktigt att idoler gilla<br>I dag har jag sett en l\u00e4nk \u2013 jag citerar:<br>\u201dOm n\u00e5gon beg\u00e5r ett brott, <br>vill jag veta vad vi gjort f\u00f6r fel\u201d <br>Jag undrar om detta \u00e4r \u00f6dmjukt vackert eller bara dumt<br>i skenet av f\u00f6rintelsen \u00e4r det \u00e4nd\u00e5 skumt<br>M\u00e4nniskor vill tydligen alltid ledas<br>och kan \u00e4ven i det lilla helt f\u00f6rledas<br>Kontentan av citatet \u00e4r f\u00f6r mig ett spel<br>ty jag vill veta vad den misst\u00e4nkte gjort f\u00f6r fel. <br><br><strong>2019-03<\/strong> <strong>&#8211; Om sanning<\/strong><br>F\u00f6r en funderare \u00e4r det inte l\u00e4tt <br>N\u00e4r en vecka fylls med \u201don no\u201d och penningtv\u00e4tt <br>\u00c4r det d\u00e5 r\u00e4tt att inte p\u00e5 en fr\u00e5ga svara<br>Men i utskick samtidigt f\u00f6rklara<br>Att de som fr\u00e5gar \u00e4r l\u00f6gnare och l\u00f6mska <br>men sj\u00e4lv \u00e4r perfekt \u2013 inte ens gl\u00f6mska<br>Ja, jag vet ju sj\u00e4lv vad jag vet<br>att sanning ej ryms i egen f\u00f6rljugenhet.<br><\/p>\n\n\n\n<p><strong>2019-03<\/strong> <strong>&#8211; Granskning av kommun <\/strong><br>S\u00e5 mycket i centrum som J\u00e4mtland nu st\u00e5tt,<br>Och skjuts\u00e4kra Hanna flera medaljer f\u00e5tt<br>Hon siktade r\u00e4tt och sl\u00e4tt, helt r\u00e4tt<br>Och appl\u00e5derades och log \u00e5t allt hon gjort r\u00e4tt<br><br>Men efter skyttefesten blev n\u00e5got helt fel&nbsp;<br>Det pratades backspel, cupspel och faktafel<br>Nya krafter tog vid och i avvaktan p\u00e5 domstolsbeslut<br>Granskades beslut, brister och kommunala bokslut <br><br>F\u00f6r en funderare vid Storsj\u00f6ns Fr\u00f6s\u00f6strand<br>Som granskar verkligheten, men hinner ej med allt ibland <br>\u00d6nskar att makthavare med ambition och egen beslutsr\u00e4tt<br>Hellre svarar p\u00e5 fr\u00e5gor \u00e4n g\u00f6mmer sig p\u00e5 en toalett <br><\/p>\n\n\n\n<p><strong>2019-02<\/strong> <strong>&#8211; Penningtv\u00e4tt och IT-s\u00e4kerhet<\/strong><br>En vecka d\u00e4r verkligheten satt riktig fart<br>Som att statens it-s\u00e4kerhet \u00e4r n\u00e5got ogreppbart och ofattbart<br>Skid-VM startar med rappar-Calle i huvudroll<br>Fink\u00e4nslighet verkar inte vara hans paroll<br><br>Och gamla v\u00e4nner i tidigare k\u00e4nd alliansanda<br>Sprider nu om varandra ren skr\u00e4ckpropaganda<br>Men veckans pris allt Swedbank tar<br>N\u00e4r UG avsl\u00f6jar dem med rumpan bar <br><\/p>\n\n\n\n<p><strong>2019-02<\/strong> <strong>&#8211; \u00c5re och handel med m\u00e4nniskor<\/strong><br>Sen sist har det i \u00c5re g\u00e5tt utf\u00f6r<br>Och Stenmark \u00e5terkom som \u00e4kta charm\u00f6r<br>Men allt inom idrotten k\u00e4nns inte som det ska<br>N\u00e4r det viktigaste \u00e4r att k\u00f6pa r\u00e4tt m\u00e4nniska<br>Nu blev det \u00e5ter lagligt att handla<br>Med m\u00e4nniskor &#8211; men det \u00e4r visst sv\u00e5rt att f\u00f6rhandla<br>T\u00e4nker p\u00e5 arbetsgivare d\u00e4r man ej sparkar boll<br>Vill de s\u00e4lja en s\u00e4kerhetschef kammar de nog noll. <br><\/p>\n\n\n\n<p><strong>2019-02<\/strong> <strong>&#8211; Om brist och fastighetsaff\u00e4rer<\/strong><br>N\u00e5gra tankar om vad som timat sen sist<br>V\u00e5ra vanligaste ord \u00e4r numera \u201dvi har brist\u201d<br>Brist p\u00e5 l\u00e4rare, sk\u00f6terska och polis<br>I varje nyhetss\u00e4ndning vi matas med att det nu \u00e4r kris<br>Och ska man t\u00e4nka n\u00e5got om tidigare milit\u00e4rer<br>\u00c4r att de ska ha ljus\u00e5rs avst\u00e5nd till fastighetsaff\u00e4rer. <br><\/p>\n\n\n\n<p><strong>2019-02<\/strong> <strong>&#8211; Skrivande och sn\u00f6<\/strong><br>En vecka med skrivande av alla de slag<br>Inneb\u00e4r att jag kanske r\u00e4ddar v\u00e4rlden idag<br>S\u00e4ger som Annie nu m\u00e5ste hatet f\u00e5 ett slut<br>Och nu m\u00e5ste ej vuxna i rummet visas ut<br>I huvudstaden v\u00e4ntas sn\u00f6 och denna g\u00e5ng med storm<br>Hoppas att deras sn\u00f6r\u00f6jare \u00e4r i form<br>Fr\u00e5n min avskilda plats bland drivor p\u00e5 fj\u00e4llet<br>Jag \u00f6nskar gut\u00e5r genom n\u00e4tet i st\u00e4llet. <br><\/p>\n\n\n\n<p><strong>2019-01 &#8211; Frisyr och kultur<\/strong><br>En vecka med fundering om frisyr<br>Det som etablissemangssvansen gett bestyr<br>T\u00e4nk om Amanda Lind visat samma frisyr som jag har<br>Skulle hon ifr\u00e5gas\u00e4ttas och varit s\u00e5 angripbar<br>T\u00e4nk om jag hennes h\u00e5rsvall skulle b\u00e4ra<br>Finge jag f\u00f6rst\u00e5else f\u00f6r att jag bor s\u00e5 fj\u00e4lln\u00e4ra<br>Skulle mitt kanske blivande teatermanus<br>b\u00e4ra kultst\u00e4mpel och jag f\u00e5 kulturstatus<br><\/p>\n\n\n\n<p><strong>2019-01<\/strong> <strong>&#8211; Nya \u00e5ret<\/strong><br>S\u00e5 har nya \u00e5ret b\u00f6rjat g\u00e5<br>Lite segt f\u00f6r en fredagsfunderare att f\u00f6rst\u00e5<br>Mediastj\u00e4rnorna L\u00f6fv\u00e9n och Kristersson verkar ha g\u00e5tt i st\u00e5<br>Medan de uppvaktar \u2013 Anne &#8211; centerns egen Brigitte Bardot<br>Men jobbigast har nog Vellingepolisen \u00e4nd\u00e5<br>Nu n\u00e4r de avhyst sina tiggare \u2013 b\u00e5da tv\u00e5<br><br><strong>2019-01<\/strong> <strong>&#8211; Ny\u00e5r och hat<\/strong><br>Till dig som gormar och sv\u00e4r<br>S\u00e4g mig, vad din l\u00f6sning \u00e4r<br>N\u00e4r ingen tar ingen du ilsken \u00e4r<br>N\u00e4r n\u00e5gon tar n\u00e5gon du \u00e4nnu ilsknare \u00e4r<br>F\u00f6rs\u00f6k svara med en mening d\u00e4r du inte sv\u00e4r<\/p>\n\n\n\n<p><br><\/p>\n\n\n\n<p><br><\/p>\n\n\n\n<p><br><br><br><\/p>\n\n\n\n<p><br><br><\/p>\n\n\n\n<p> <\/p>\n\n\n\n<p><br><\/p>\n","protected":false},"excerpt":{"rendered":"<p>2019 &#8211; Som jag sett det\u00c5ret efter valet, vad var det som h\u00e4ndeDet goda i landet n\u00e5dde pl\u00f6tsligt en \u00e4ndeIdeologier f\u00f6rsvannoch ingen vannNu v\u00e4ntar st\u00f6veltramp och fram\u00e5t marschFrisyr med bena och kort svart mustasch. Framf\u00f6r varje butik, en hand och&#8230;<\/p>\n","protected":false},"author":2,"featured_media":0,"parent":0,"menu_order":0,"comment_status":"closed","ping_status":"closed","template":"","meta":{"jetpack_post_was_ever_published":false,"footnotes":""},"class_list":["post-1268","page","type-page","status-publish","hentry","no-post-thumbnail"],"jetpack_sharing_enabled":true,"_links":{"self":[{"href":"https:\/\/skrivovin.se\/index.php\/wp-json\/wp\/v2\/pages\/1268","targetHints":{"allow":["GET"]}}],"collection":[{"href":"https:\/\/skrivovin.se\/index.php\/wp-json\/wp\/v2\/pages"}],"about":[{"href":"https:\/\/skrivovin.se\/index.php\/wp-json\/wp\/v2\/types\/page"}],"author":[{"embeddable":true,"href":"https:\/\/skrivovin.se\/index.php\/wp-json\/wp\/v2\/users\/2"}],"replies":[{"embeddable":true,"href":"https:\/\/skrivovin.se\/index.php\/wp-json\/wp\/v2\/comments?post=1268"}],"version-history":[{"count":48,"href":"https:\/\/skrivovin.se\/index.php\/wp-json\/wp\/v2\/pages\/1268\/revisions"}],"predecessor-version":[{"id":2722,"href":"https:\/\/skrivovin.se\/index.php\/wp-json\/wp\/v2\/pages\/1268\/revisions\/2722"}],"wp:attachment":[{"href":"https:\/\/skrivovin.se\/index.php\/wp-json\/wp\/v2\/media?parent=1268"}],"curies":[{"name":"wp","href":"https:\/\/api.w.org\/{rel}","templated":true}]}}